{"id":15987,"date":"2021-11-16T11:47:30","date_gmt":"2021-11-16T10:47:30","guid":{"rendered":"https:\/\/fairmanager.de\/?post_type=tribe_venue&#038;p=15987"},"modified":"2021-11-19T07:09:27","modified_gmt":"2021-11-19T06:09:27","slug":"messegelaende-luzern","status":"publish","type":"tribe_venue","link":"https:\/\/fairmanager.de\/en\/venue\/messegelaende-luzern\/","title":{"rendered":"Messegel\u00e4nde Luzern"},"content":{"rendered":"<p>Das Luzern Veranstaltungsgel\u00e4nde h\u00e4lt mehr als Fl\u00e4che f\u00fcr Sie bereit. Die Infrastruktur ist weitl\u00e4ufig und doch sch\u00f6n kompakt, hervorragend mit dem privaten und \u00f6ffentlichen Verkehr erreichbar und dank der gedeckten Besucherf\u00fchrung auch f\u00fcr \u00abheavy traffic\u00bb ger\u00fcstet. Die Begegnungszone auf dem Vorplatz l\u00e4dt Sie zum Kommen und Bleiben ein.<\/p>\n<p>Mit diversen Bequemlichkeiten sorgt die Luzern AG f\u00fcr Ihren angenehmen Aufenthalt:<\/p>\n<ul>\n<li>4 Messehallen<\/li>\n<li>1 Selbstbedieungsrestaurant, 2 bediente\u00a0Restaurants<\/li>\n<li>Das WLAN-Netz \u00abFree Wi-Fi Messe Luzern\u00bb steht Ihnen kostenlos zur Verf\u00fcgung<\/li>\n<li>1 Bankomat beim Kiosk vor Halle 1<\/li>\n<li>Rollstuhlg\u00e4ngigkeit im und ums ganze Geb\u00e4ude<\/li>\n<li>Rauchverbot in allen Hallen<\/li>\n<li>diverse Parkm\u00f6glichkeiten, auch f\u00fcr Velos<\/li>\n<li>direkter S-Bahnanschluss zur Haltestelle \u00abAllmend\/Messe\u00bb<\/li>\n<\/ul>","protected":false},"excerpt":{"rendered":"<p>Das Luzern Veranstaltungsgel\u00e4nde h\u00e4lt mehr als Fl\u00e4che f\u00fcr Sie bereit. Die Infrastruktur ist weitl\u00e4ufig und doch sch\u00f6n kompakt, hervorragend mit dem privaten und \u00f6ffentlichen Verkehr [&hellip;]<\/p>\n","protected":false},"author":3,"featured_media":0,"template":"","meta":{"_acf_changed":false,"site-sidebar-layout":"default","site-content-layout":"default","ast-site-content-layout":"default","site-content-style":"default","site-sidebar-style":"default","ast-global-header-display":"","ast-banner-title-visibility":"","ast-main-header-display":"","ast-hfb-above-header-display":"","ast-hfb-below-header-display":"","ast-hfb-mobile-header-display":"","site-post-title":"","ast-breadcrumbs-content":"","ast-featured-img":"","footer-sml-layout":"","ast-disable-related-posts":"","theme-transparent-header-meta":"default","adv-header-id-meta":"","stick-header-meta":"default","header-above-stick-meta":"","header-main-stick-meta":"","header-below-stick-meta":"","astra-migrate-meta-layouts":"default","ast-page-background-enabled":"default","ast-page-background-meta":{"desktop":{"background-color":"","background-image":"","background-repeat":"repeat","background-position":"center center","background-size":"auto","background-attachment":"scroll","background-type":"","background-media":"","overlay-type":"","overlay-color":"","overlay-opacity":"","overlay-gradient":""},"tablet":{"background-color":"","background-image":"","background-repeat":"repeat","background-position":"center center","background-size":"auto","background-attachment":"scroll","background-type":"","background-media":"","overlay-type":"","overlay-color":"","overlay-opacity":"","overlay-gradient":""},"mobile":{"background-color":"","background-image":"","background-repeat":"repeat","background-position":"center center","background-size":"auto","background-attachment":"scroll","background-type":"","background-media":"","overlay-type":"","overlay-color":"","overlay-opacity":"","overlay-gradient":""}},"ast-content-background-meta":{"desktop":{"background-color":"var(--ast-global-color-5)","background-image":"","background-repeat":"repeat","background-position":"center center","background-size":"auto","background-attachment":"scroll","background-type":"","background-media":"","overlay-type":"","overlay-color":"","overlay-opacity":"","overlay-gradient":""},"tablet":{"background-color":"var(--ast-global-color-5)","background-image":"","background-repeat":"repeat","background-position":"center center","background-size":"auto","background-attachment":"scroll","background-type":"","background-media":"","overlay-type":"","overlay-color":"","overlay-opacity":"","overlay-gradient":""},"mobile":{"background-color":"var(--ast-global-color-5)","background-image":"","background-repeat":"repeat","background-position":"center center","background-size":"auto","background-attachment":"scroll","background-type":"","background-media":"","overlay-type":"","overlay-color":"","overlay-opacity":"","overlay-gradient":""}},"footnotes":""},"class_list":["post-15987","tribe_venue","type-tribe_venue","status-publish","hentry"],"acf":[],"yoast_head":"<!-- This site is optimized with the Yoast SEO Premium plugin v27.2 (Yoast SEO v27.5) - https:\/\/yoast.com\/product\/yoast-seo-premium-wordpress\/ -->\n<title>Messegel\u00e4nde Luzern - FairManager<\/title>\n<meta name=\"robots\" content=\"noindex, follow\" \/>\n<meta property=\"og:locale\" content=\"en_GB\" \/>\n<meta property=\"og:type\" content=\"article\" \/>\n<meta property=\"og:title\" content=\"Messegel\u00e4nde Luzern\" \/>\n<meta property=\"og:description\" content=\"Das Luzern Veranstaltungsgel\u00e4nde h\u00e4lt mehr als Fl\u00e4che f\u00fcr Sie bereit. Die Infrastruktur ist weitl\u00e4ufig und doch sch\u00f6n kompakt, hervorragend mit dem privaten und \u00f6ffentlichen Verkehr [&hellip;]\" \/>\n<meta property=\"og:url\" content=\"https:\/\/fairmanager.de\/en\/veranstaltungsort\/messegelaende-luzern\/\" \/>\n<meta property=\"og:site_name\" content=\"FairManager\" \/>\n<meta property=\"article:publisher\" content=\"https:\/\/www.facebook.com\/FairManager\" \/>\n<meta property=\"article:modified_time\" content=\"2021-11-19T06:09:27+00:00\" \/>\n<meta name=\"twitter:card\" content=\"summary_large_image\" \/>\n<meta name=\"twitter:label1\" content=\"Estimated reading time\" \/>\n\t<meta name=\"twitter:data1\" content=\"1 minute\" \/>\n<script type=\"application\/ld+json\" class=\"yoast-schema-graph\">{\"@context\":\"https:\\\/\\\/schema.org\",\"@graph\":[{\"@type\":\"WebPage\",\"@id\":\"https:\\\/\\\/fairmanager.de\\\/veranstaltungsort\\\/messegelaende-luzern\\\/\",\"url\":\"https:\\\/\\\/fairmanager.de\\\/veranstaltungsort\\\/messegelaende-luzern\\\/\",\"name\":\"Messegel\u00e4nde Luzern - FairManager\",\"isPartOf\":{\"@id\":\"https:\\\/\\\/fairmanager.de\\\/#website\"},\"datePublished\":\"2021-11-16T10:47:30+00:00\",\"dateModified\":\"2021-11-19T06:09:27+00:00\",\"breadcrumb\":{\"@id\":\"https:\\\/\\\/fairmanager.de\\\/veranstaltungsort\\\/messegelaende-luzern\\\/#breadcrumb\"},\"inLanguage\":\"en-GB\",\"potentialAction\":[{\"@type\":\"ReadAction\",\"target\":[\"https:\\\/\\\/fairmanager.de\\\/veranstaltungsort\\\/messegelaende-luzern\\\/\"]}]},{\"@type\":\"BreadcrumbList\",\"@id\":\"https:\\\/\\\/fairmanager.de\\\/veranstaltungsort\\\/messegelaende-luzern\\\/#breadcrumb\",\"itemListElement\":[{\"@type\":\"ListItem\",\"position\":1,\"name\":\"Startseite\",\"item\":\"https:\\\/\\\/fairmanager.de\\\/\"},{\"@type\":\"ListItem\",\"position\":2,\"name\":\"Messegel\u00e4nde Luzern\"}]},{\"@type\":\"WebSite\",\"@id\":\"https:\\\/\\\/fairmanager.de\\\/#website\",\"url\":\"https:\\\/\\\/fairmanager.de\\\/\",\"name\":\"FairManager\",\"description\":\"Messeorganisation par excellence!\",\"publisher\":{\"@id\":\"https:\\\/\\\/fairmanager.de\\\/#organization\"},\"potentialAction\":[{\"@type\":\"SearchAction\",\"target\":{\"@type\":\"EntryPoint\",\"urlTemplate\":\"https:\\\/\\\/fairmanager.de\\\/?s={search_term_string}\"},\"query-input\":{\"@type\":\"PropertyValueSpecification\",\"valueRequired\":true,\"valueName\":\"search_term_string\"}}],\"inLanguage\":\"en-GB\"},{\"@type\":\"Organization\",\"@id\":\"https:\\\/\\\/fairmanager.de\\\/#organization\",\"name\":\"FairManager\",\"url\":\"https:\\\/\\\/fairmanager.de\\\/\",\"logo\":{\"@type\":\"ImageObject\",\"inLanguage\":\"en-GB\",\"@id\":\"https:\\\/\\\/fairmanager.de\\\/#\\\/schema\\\/logo\\\/image\\\/\",\"url\":\"https:\\\/\\\/fairmanager.de\\\/wp-content\\\/uploads\\\/2017\\\/10\\\/logo_dark_transparent_720x200.png\",\"contentUrl\":\"https:\\\/\\\/fairmanager.de\\\/wp-content\\\/uploads\\\/2017\\\/10\\\/logo_dark_transparent_720x200.png\",\"width\":720,\"height\":200,\"caption\":\"FairManager\"},\"image\":{\"@id\":\"https:\\\/\\\/fairmanager.de\\\/#\\\/schema\\\/logo\\\/image\\\/\"},\"sameAs\":[\"https:\\\/\\\/www.facebook.com\\\/FairManager\",\"https:\\\/\\\/www.linkedin.com\\\/company\\\/fairmanager\\\/\",\"https:\\\/\\\/www.youtube.com\\\/channel\\\/UCsx8T4w_D2iBOGQtqY2EV_Q\"]}]}<\/script>\n<!-- \/ Yoast SEO Premium plugin. -->","yoast_head_json":{"title":"Messegel\u00e4nde Luzern - FairManager","robots":{"index":"noindex","follow":"follow"},"og_locale":"en_GB","og_type":"article","og_title":"Messegel\u00e4nde Luzern","og_description":"Das Luzern Veranstaltungsgel\u00e4nde h\u00e4lt mehr als Fl\u00e4che f\u00fcr Sie bereit. Die Infrastruktur ist weitl\u00e4ufig und doch sch\u00f6n kompakt, hervorragend mit dem privaten und \u00f6ffentlichen Verkehr [&hellip;]","og_url":"https:\/\/fairmanager.de\/en\/veranstaltungsort\/messegelaende-luzern\/","og_site_name":"FairManager","article_publisher":"https:\/\/www.facebook.com\/FairManager","article_modified_time":"2021-11-19T06:09:27+00:00","twitter_card":"summary_large_image","twitter_misc":{"Estimated reading time":"1 minute"},"schema":{"@context":"https:\/\/schema.org","@graph":[{"@type":"WebPage","@id":"https:\/\/fairmanager.de\/veranstaltungsort\/messegelaende-luzern\/","url":"https:\/\/fairmanager.de\/veranstaltungsort\/messegelaende-luzern\/","name":"Messegel\u00e4nde Luzern - FairManager","isPartOf":{"@id":"https:\/\/fairmanager.de\/#website"},"datePublished":"2021-11-16T10:47:30+00:00","dateModified":"2021-11-19T06:09:27+00:00","breadcrumb":{"@id":"https:\/\/fairmanager.de\/veranstaltungsort\/messegelaende-luzern\/#breadcrumb"},"inLanguage":"en-GB","potentialAction":[{"@type":"ReadAction","target":["https:\/\/fairmanager.de\/veranstaltungsort\/messegelaende-luzern\/"]}]},{"@type":"BreadcrumbList","@id":"https:\/\/fairmanager.de\/veranstaltungsort\/messegelaende-luzern\/#breadcrumb","itemListElement":[{"@type":"ListItem","position":1,"name":"Startseite","item":"https:\/\/fairmanager.de\/"},{"@type":"ListItem","position":2,"name":"Messegel\u00e4nde Luzern"}]},{"@type":"WebSite","@id":"https:\/\/fairmanager.de\/#website","url":"https:\/\/fairmanager.de\/","name":"FairManager","description":"Messeorganisation par excellence!","publisher":{"@id":"https:\/\/fairmanager.de\/#organization"},"potentialAction":[{"@type":"SearchAction","target":{"@type":"EntryPoint","urlTemplate":"https:\/\/fairmanager.de\/?s={search_term_string}"},"query-input":{"@type":"PropertyValueSpecification","valueRequired":true,"valueName":"search_term_string"}}],"inLanguage":"en-GB"},{"@type":"Organization","@id":"https:\/\/fairmanager.de\/#organization","name":"FairManager","url":"https:\/\/fairmanager.de\/","logo":{"@type":"ImageObject","inLanguage":"en-GB","@id":"https:\/\/fairmanager.de\/#\/schema\/logo\/image\/","url":"https:\/\/fairmanager.de\/wp-content\/uploads\/2017\/10\/logo_dark_transparent_720x200.png","contentUrl":"https:\/\/fairmanager.de\/wp-content\/uploads\/2017\/10\/logo_dark_transparent_720x200.png","width":720,"height":200,"caption":"FairManager"},"image":{"@id":"https:\/\/fairmanager.de\/#\/schema\/logo\/image\/"},"sameAs":["https:\/\/www.facebook.com\/FairManager","https:\/\/www.linkedin.com\/company\/fairmanager\/","https:\/\/www.youtube.com\/channel\/UCsx8T4w_D2iBOGQtqY2EV_Q"]}]}},"_links":{"self":[{"href":"https:\/\/fairmanager.de\/en\/wp-json\/wp\/v2\/tribe_venue\/15987","targetHints":{"allow":["GET"]}}],"collection":[{"href":"https:\/\/fairmanager.de\/en\/wp-json\/wp\/v2\/tribe_venue"}],"about":[{"href":"https:\/\/fairmanager.de\/en\/wp-json\/wp\/v2\/types\/tribe_venue"}],"author":[{"embeddable":true,"href":"https:\/\/fairmanager.de\/en\/wp-json\/wp\/v2\/users\/3"}],"version-history":[{"count":2,"href":"https:\/\/fairmanager.de\/en\/wp-json\/wp\/v2\/tribe_venue\/15987\/revisions"}],"predecessor-version":[{"id":16192,"href":"https:\/\/fairmanager.de\/en\/wp-json\/wp\/v2\/tribe_venue\/15987\/revisions\/16192"}],"wp:attachment":[{"href":"https:\/\/fairmanager.de\/en\/wp-json\/wp\/v2\/media?parent=15987"}],"curies":[{"name":"wp","href":"https:\/\/api.w.org\/{rel}","templated":true}]}}